{"id":216,"date":"2017-07-31T14:11:03","date_gmt":"2017-07-31T14:11:03","guid":{"rendered":"http:\/\/fortempack.hu\/?page_id=216"},"modified":"2018-05-23T09:15:58","modified_gmt":"2018-05-23T09:15:58","slug":"aszf","status":"publish","type":"page","link":"http:\/\/fortempack.hu\/?page_id=216","title":{"rendered":"\u00c1SZF"},"content":{"rendered":"<p>&nbsp;<\/p>\n<p><b>\u00c1LTAL\u00c1NOS SZERZ\u0150D\u00c9SI FELT\u00c9TELEK<\/b><\/p>\n<p>Az \u00c1ltal\u00e1nos Szerz\u0151d\u00e9si Felt\u00e9telek elfogad\u00e1s\u00e1val a GDPR-t is elfogadottnak tekintj\u00fck.<\/p>\n<p><span style=\"font-weight: 400;\">A jelen \u00c1ltal\u00e1nos Szerz\u0151d\u00e9si Felt\u00e9telek (a tov\u00e1bbiakban: \u00c1SZF) a Fortem Pack Kft. (tov\u00e1bbiakban: Szolg\u00e1ltat\u00f3) \u00e9s a Szolg\u00e1ltat\u00f3 \u00e1ltal a www.fortempack.hu weboldalon kereszt\u00fcl ny\u00fajtott elektronikus kereskedelmi szolg\u00e1ltat\u00e1sokat ig\u00e9nybe vev\u0151 \u00dcgyf\u00e9l (a tov\u00e1bbiakban: \u00dcgyf\u00e9l) jogait \u00e9s k\u00f6telezetts\u00e9geit tartalmazza. Szolg\u00e1ltat\u00f3 \u00e9s \u00dcgyf\u00e9l a jelen \u00c1SZF-ben, a tov\u00e1bbiakban egy\u00fcttesen: Felek. A jelen \u00c1SZF minden olyan jog\u00fcgyletre \u00e9s szolg\u00e1ltat\u00e1sra vonatkozik, amely a www.fortempack.hu weboldalon kereszt\u00fcl t\u00f6rt\u00e9nik.<\/span><\/p>\n<p><span style=\"font-weight: 400;\">Szolg\u00e1ltat\u00f3 adatai:<\/span><\/p>\n<p><span style=\"font-weight: 400;\">N\u00e9v: Fortem Pack Kft.<\/span><\/p>\n<p><span style=\"font-weight: 400;\">Sz\u00e9khely, levelez\u00e9si c\u00edm: 1164 Budapest, T\u00f3k\u00f6z u. 64.<\/span><\/p>\n<p><span style=\"font-weight: 400;\">Vev\u0151szolg\u00e1lat, telephely: 2142 Nagytarcsa, Als\u00f3 Ipari krt. 8\/F<\/span><\/p>\n<p><span style=\"font-weight: 400;\">Telefonsz\u00e1ma: 06\/30-242-5868, 06-70\/680-8157<\/span><\/p>\n<p><span style=\"font-weight: 400;\">E-mail c\u00edm: rendeles@fortempack.hu<\/span><\/p>\n<p><span style=\"font-weight: 400;\">C\u00e9gjegyz\u00e9ksz\u00e1m:\u00a001-09-951789<\/span><\/p>\n<p><span style=\"font-weight: 400;\">Bejegyz\u0151 b\u00edr\u00f3s\u00e1g megnevez\u00e9se: F\u0151v\u00e1rosi T\u00f6rv\u00e9nysz\u00e9k C\u00e9gb\u00edr\u00f3s\u00e1ga<\/span><\/p>\n<p><span style=\"font-weight: 400;\">Ad\u00f3sz\u00e1m: 23076165-2-42<\/span><\/p>\n<p>Adatkezel\u00e9s nyilv\u00e1ntart\u00e1si sz\u00e1ma: NAIH-129338\/2017<\/p>\n<p><b>1. Az \u00c1FSZ hat\u00e1lya, \u00e1ltal\u00e1nos rendelkez\u00e9sek<\/b><\/p>\n<p><span style=\"font-weight: 400;\">A jelen \u00c1SZF hat\u00e1lya kiterjed a Magyarorsz\u00e1g ter\u00fclet\u00e9n ny\u00fajtott minden olyan elektronikus kereskedelmi szolg\u00e1ltat\u00e1sra, amely a www.fortempack.hu webc\u00edm alatt (a tov\u00e1bbiakban: Weboldal) tal\u00e1lhat\u00f3 elektronikus \u00e1ruh\u00e1zon (a tov\u00e1bbiakban: Web\u00e1ruh\u00e1z) kereszt\u00fcl t\u00f6rt\u00e9nik. Valamint a jelen \u00c1SZF hat\u00e1lya kiterjed minden olyan kereskedelmi \u00fcgyletre Magyarorsz\u00e1g ter\u00fclet\u00e9n, amely jelen szerz\u0151d\u00e9sben meghat\u00e1rozott Felek k\u00f6z\u00f6tt j\u00f6n l\u00e9tre. A Web\u00e1ruh\u00e1zban t\u00f6rt\u00e9n\u0151 v\u00e1s\u00e1rl\u00e1st az elektronikus kereskedelmi szolg\u00e1ltat\u00e1sok, az inform\u00e1ci\u00f3s t\u00e1rsadalommal \u00f6sszef\u00fcgg\u0151 szolg\u00e1ltat\u00e1sok egyes k\u00e9rd\u00e9seir\u0151l sz\u00f3l\u00f3 2001. \u00e9vi CVIII. t\u00f6rv\u00e9ny (&#8220;Elkertv.&#8221;) szab\u00e1lyozza.<\/span><\/p>\n<p><span style=\"font-weight: 400;\">A Web\u00e1ruh\u00e1zban a v\u00e1s\u00e1rl\u00e1s elektronikus rendel\u00e9s \u00fatj\u00e1n lehets\u00e9ges, a jelen \u00c1SZF-ben megadott m\u00f3don.<\/span><\/p>\n<p><span style=\"font-weight: 400;\">A Web\u00e1ruh\u00e1z szolg\u00e1ltat\u00e1sainak jelent\u0151s r\u00e9sze el\u00e9rhet\u0151 minden felhaszn\u00e1l\u00f3 sz\u00e1m\u00e1ra, regisztr\u00e1ci\u00f3 n\u00e9lk\u00fcl is. Egyes szolg\u00e1ltat\u00e1sok azonban regisztr\u00e1ci\u00f3hoz (majd bel\u00e9p\u00e9shez) k\u00f6t\u00f6ttek, melyre az \u00c1SZF-ben r\u00f6gz\u00edtetteknek megfelel\u0151en b\u00e1rki jogosult.<\/span><\/p>\n<p><span style=\"font-weight: 400;\">A Szolg\u00e1ltat\u00f3 b\u00e1rmikor jogosult jelen \u00c1SZF felt\u00e9teleit egyoldal\u00faan m\u00f3dos\u00edtani. A Szolg\u00e1ltat\u00f3 a m\u00f3dos\u00edt\u00e1sokr\u00f3l, azok \u00e9letbe l\u00e9p\u00e9s\u00e9t megel\u0151z\u0151en, a m\u00f3dos\u00edt\u00e1sok \u00e9letbe l\u00e9p\u00e9sekor a m\u00e1r regisztr\u00e1lt \u00dcgyfeleknek az oldalra t\u00f6rt\u00e9n\u0151 bel\u00e9p\u00e9skor azokat kifejezetten el kell fogadniuk az oldal haszn\u00e1lat\u00e1hoz, illetve a megrendel\u00e9s lead\u00e1s\u00e1hoz.<\/span><\/p>\n<p><span style=\"font-weight: 400;\">A megrendel\u00e9s megk\u00fcld\u00e9s\u00e9t k\u00f6vet\u0151en a Felek k\u00f6z\u00f6tt l\u00e9trej\u00f6tt szerz\u0151d\u00e9s, annak teljes\u00edt\u00e9s\u00e9ig szabadon \u00e9s k\u00f6vetkezm\u00e9ny n\u00e9lk\u00fcl m\u00f3dos\u00edthat\u00f3, illetve lemondhat\u00f3, amire els\u0151sorban elektronikus lev\u00e9lben van lehet\u0151s\u00e9g. A Felek k\u00f6z\u00f6tt a megrendelt \u00e1ru megv\u00e1s\u00e1rl\u00e1s\u00e1val magyar nyelven l\u00e9trej\u00f6tt szerz\u0151d\u00e9s \u00edr\u00e1sba foglalt szerz\u0151d\u00e9snek min\u0151s\u00fcl, azt a Szolg\u00e1ltat\u00f3 iktatja, \u00e9s annak l\u00e9trej\u00f6tt\u00e9t k\u00f6vet\u0151 \u00f6t \u00e9vig meg\u0151rizni k\u00f6teles.<\/span><\/p>\n<p><span style=\"font-weight: 400;\">\u00dcgyf\u00e9lszolg\u00e1lat:<\/span><\/p>\n<p><span style=\"font-weight: 400;\">\u00dcgyf\u00e9lszolg\u00e1lati iroda helye:\u00a02142 Nagytarcsa, Als\u00f3 Ipari k\u00f6r\u00fat 8\/F<\/span><\/p>\n<p><span style=\"font-weight: 400;\">Vev\u0151szolg\u00e1lat nyitvatart\u00e1si ideje: h\u00e9tk\u00f6znap 9:00-15:00<\/span><\/p>\n<p><span style=\"font-weight: 400;\">Telefon: +36-70\/680-8157<\/span><\/p>\n<p><span style=\"font-weight: 400;\">Internet c\u00edm: www.fortempack.hu<\/span><\/p>\n<p><span style=\"font-weight: 400;\">E-mail:\u00a0<\/span><a style=\"background-color: #ffffff;\" href=\"mailto:rendeles@fortempack.hu\">rendeles@fortempack.hu<\/a><\/p>\n<p><b>2. Regisztr\u00e1ci\u00f3 menete<\/b><\/p>\n<p><span style=\"font-weight: 400;\">A v\u00e1s\u00e1rl\u00e1s nem regisztr\u00e1ci\u00f3hoz k\u00f6t\u00f6tt. A term\u00e9kek kos\u00e1rba helyez\u00e9se ut\u00e1n az adatlap kit\u00f6lt\u00e9s\u00e9vel ker\u00fclhet sor a regisztr\u00e1ci\u00f3ra. Az \u00dcgyf\u00e9l felel\u0151ss\u00e9ge, hogy a val\u00f3s\u00e1gnak megfelel\u0151 adatokat adja meg a regisztr\u00e1ci\u00f3 sor\u00e1n. A Weboldalon t\u00f6rt\u00e9n\u0151 regisztr\u00e1ci\u00f3j\u00e1val az \u00dcgyf\u00e9l felt\u00e9tel n\u00e9lk\u00fcl \u00e9s visszavonhatatlanul kijelenti, hogy jelen \u00c1SZF, tov\u00e1bb\u00e1 a Weboldalon k\u00f6zz\u00e9tett Adatv\u00e9delmi nyilatkozat felt\u00e9teleit megismerte \u00e9s elfogadja, az Adatv\u00e9delmi nyilatkozatban foglalt adatkezel\u00e9sekhez hozz\u00e1j\u00e1rul.<\/span><\/p>\n<p><span style=\"font-weight: 400;\">Az \u00dcgyf\u00e9l \u00e1ltal t\u00e9vesen, illetve pontatlanul megadott adatokra visszavezethet\u0151 sz\u00e1ll\u00edt\u00e1si k\u00e9sedelem\u00e9rt, illetve egy\u00e9b probl\u00e9m\u00e1\u00e9rt, hib\u00e1\u00e9rt semminem\u0171 felel\u0151ss\u00e9g nem terheli a Szolg\u00e1ltat\u00f3t. Ugyan\u00edgy a Szolg\u00e1ltat\u00f3t nem terheli felel\u0151ss\u00e9g az abb\u00f3l fakad\u00f3 k\u00e1rok\u00e9rt, ha az \u00dcgyf\u00e9l a jelszav\u00e1t elfelejti, illetve illet\u00e9ktelenek sz\u00e1m\u00e1ra hozz\u00e1f\u00e9rhet\u0151v\u00e9 v\u00e1lik, a Szolg\u00e1ltat\u00f3 hib\u00e1j\u00e1n k\u00edv\u00fcl. Az \u00dcgyf\u00e9l \u00e1ltal kor\u00e1bban r\u00f6gz\u00edtett adatok megv\u00e1ltoztat\u00e1s\u00e1ra bejelentkez\u00e9s ut\u00e1n, a Be\u00e1ll\u00edt\u00e1sok linkre kattint\u00e1st k\u00f6vet\u0151en el\u00e9rhet\u0151 Adatok m\u00f3dos\u00edt\u00e1sa men\u00fcpontban van lehet\u0151s\u00e9g. A Szolg\u00e1ltat\u00f3t a regisztr\u00e1lt adatok \u00dcgyf\u00e9l \u00e1ltal t\u00f6rt\u00e9n\u0151 megv\u00e1ltoztat\u00e1s\u00e1b\u00f3l ered\u0151 k\u00e1r\u00e9rt, hib\u00e1\u00e9rt szint\u00e9n semminem\u0171 felel\u0151ss\u00e9g nem terheli.<\/span><\/p>\n<p><b>3. Megrendel\u00e9s menete<\/b><\/p>\n<p><span style=\"font-weight: 400;\">A megv\u00e1s\u00e1roland\u00f3 \u00e1ruk l\u00e9nyegi jellemz\u0151it, tulajdons\u00e1gait az \u00e1ruk haszn\u00e1lat\u00e1ra vonatkoz\u00f3 alapvet\u0151 utas\u00edt\u00e1sokat a konkr\u00e9t \u00e1rucikk t\u00e1j\u00e9koztat\u00f3 oldal\u00e1r\u00f3l lehet megismerni. Szolg\u00e1ltat\u00f3 teljes\u00edt\u00e9se szerz\u0151d\u00e9sszer\u0171, amennyiben a term\u00e9k a weboldalon ny\u00fajtott t\u00e1j\u00e9koztat\u00e1sn\u00e1l kedvez\u0151bb, el\u0151ny\u00f6sebb tulajdons\u00e1gokkal rendelkezik. Amennyiben a Weboldalon tal\u00e1lhat\u00f3 b\u00e1rmely \u00e1ru min\u0151s\u00e9g\u00e9vel, alapvet\u0151 tulajdons\u00e1g\u00e1val, haszn\u00e1lat\u00e1val, haszn\u00e1lhat\u00f3s\u00e1g\u00e1val kapcsolatban a weboldalon k\u00f6z\u00f6ltekn\u00e9l t\u00f6bb inform\u00e1ci\u00f3ra van sz\u00fcks\u00e9ge, k\u00e9rj\u00fck, forduljon vev\u0151szolg\u00e1latunkhoz, melynek adatait a fent megadott el\u00e9rhet\u0151s\u00e9geken tal\u00e1lja.<\/span><\/p>\n<p><span style=\"font-weight: 400;\">Az \u00e1ru v\u00e9tel\u00e1ra a kiv\u00e1lasztott term\u00e9k mellett forintban felt\u00fcntetett \u00f6sszeg, ha nincs k\u00fcl\u00f6n jel\u00f6lve, az \u00f6sszeg az \u00e1ltal\u00e1nos forgalmi ad\u00f3t m\u00e1r tartalmazza. Azonban a term\u00e9kek v\u00e9tel\u00e1ra nem tartalmazza a sz\u00e1ll\u00edt\u00e1si k\u00f6lts\u00e9get.<\/span><\/p>\n<p><span style=\"font-weight: 400;\">A Szolg\u00e1ltat\u00f3 Weboldalr\u00f3l megrendelhet\u0151 term\u00e9kek vonatkoz\u00e1s\u00e1ban az \u00e1rv\u00e1ltoztat\u00e1s jog\u00e1t fenntartja, az \u00e1rv\u00e1ltoztat\u00e1s a Weboldalon val\u00f3 megjelen\u00e9ssel egyidej\u0171leg hat\u00e1lyoss\u00e1 v\u00e1lik. \u00c9rtelemszer\u0171en a m\u00f3dos\u00edt\u00e1s a m\u00e1r megrendelt \u00e1ruk v\u00e9tel\u00e1r\u00e1t kedvez\u0151tlen\u00fcl nem befoly\u00e1solja.<\/span><\/p>\n<p><span style=\"font-weight: 400;\">Ha a Szolg\u00e1ltat\u00f3 gondoss\u00e1ga ellen\u00e9re hib\u00e1s, t\u00e9ves \u00e1r ker\u00fcl a Weboldalra, k\u00fcl\u00f6n\u00f6s figyelemmel a nyilv\u00e1nval\u00f3an t\u00e9ves, pl. a term\u00e9k k\u00f6zismert, \u00e1ltal\u00e1nosan elfogadott vagy becs\u00fclt \u00e1r\u00e1t\u00f3l jelent\u0151sen elt\u00e9r\u0151, vagy rendszerhiba miatt megjelen\u0151 &#8220;0&#8221; Ft-os vagy &#8220;1&#8221; Ft-os \u00e1rra, akkor a Szolg\u00e1ltat\u00f3 nem k\u00f6teles a term\u00e9ket hib\u00e1s, t\u00e9ves \u00e1ron sz\u00e1ll\u00edtani. A Szolg\u00e1ltat\u00f3 ilyen esetben felaj\u00e1nlhatja a helyes, val\u00f3s \u00e1ron t\u00f6rt\u00e9n\u0151 megv\u00e1s\u00e1rl\u00e1st, amelynek ismeret\u00e9ben az \u00dcgyf\u00e9l el\u00e1llhat v\u00e1s\u00e1rl\u00e1si sz\u00e1nd\u00e9k\u00e1t\u00f3l.<\/span><\/p>\n<p><span style=\"font-weight: 400;\">A Szolg\u00e1ltat\u00f3 megrendel\u00e9st a Weboldal\u00e1n kereszt\u00fcl csak akkor fogadja el, ha az \u00dcgyf\u00e9l a megrendel\u0151 adatai mez\u0151ket marad\u00e9ktalanul kit\u00f6lti. A Szolg\u00e1ltat\u00f3t az \u00dcgyf\u00e9l \u00e1ltal t\u00e9vesen illetve pontatlanul megadott rendel\u00e9si adatokra visszavezethet\u0151 sz\u00e1ll\u00edt\u00e1si k\u00e9sedelem\u00e9rt, illetve egy\u00e9b probl\u00e9m\u00e1\u00e9rt, hib\u00e1\u00e9rt semminem\u0171 felel\u0151ss\u00e9g nem terheli.<\/span><\/p>\n<p><span style=\"font-weight: 400;\">Megrendel\u00e9s felad\u00e1s\u00e1ra a Web\u00e1ruh\u00e1zban a Kos\u00e1r haszn\u00e1lat\u00e1val van lehet\u0151s\u00e9g. Az \u00dcgyf\u00e9l a kiv\u00e1lasztott term\u00e9keket az egyes term\u00e9kekre kattint\u00e1st k\u00f6vet\u0151en megjelen\u0151, a term\u00e9k r\u00e9szletes adatait ismertet\u0151 oldalon tal\u00e1lhat\u00f3 Kos\u00e1r ikon haszn\u00e1lat\u00e1val teheti Kosar\u00e1ba. A Kos\u00e1r tartalm\u00e1nak m\u00f3dos\u00edt\u00e1s\u00e1ra a Kos\u00e1r linkre kattint\u00e1st k\u00f6vet\u0151en van lehet\u0151s\u00e9g, ahol megadhat\u00f3 az egyes term\u00e9kek k\u00edv\u00e1nt mennyis\u00e9ge, illetve a Kos\u00e1r teljes tartalma m\u00f3dos\u00edthat\u00f3, t\u00f6r\u00f6lhet\u0151.<\/span><\/p>\n<p><span style=\"font-weight: 400;\">A rendel\u00e9s b\u00e1rmely st\u00e1dium\u00e1ban az \u00dcgyf\u00e9lnek a megrendel\u00e9s Szolg\u00e1ltat\u00f3 r\u00e9sz\u00e9re t\u00f6rt\u00e9n\u0151 elk\u00fcld\u00e9s\u00e9ig a Web\u00e1ruh\u00e1zban b\u00e1rmikor lehet\u0151s\u00e9ge van az adatbeviteli hib\u00e1k jav\u00edt\u00e1s\u00e1ra a megrendel\u00e9si fel\u00fcleten.<\/span><\/p>\n<p><span style=\"font-weight: 400;\">A szerz\u0151d\u00e9s akkor j\u00f6n l\u00e9tre teh\u00e1t, amely id\u0151pontt\u00f3l kezdve abb\u00f3l a Felekre n\u00e9zve jogok \u00e9s k\u00f6telezetts\u00e9gek sz\u00e1rmaznak, ha a keresked\u0151 a visszaigazol\u00e1st k\u00f6vet\u0151en egy \u00fajabb e-mailben (ez a gyakoribb) vagy p\u00e9ld\u00e1ul telefonon \u00e9rtes\u00edti az \u00fcgyfelet a megrendel\u00e9s teljes\u00edt\u00e9s\u00e9r\u0151l, a term\u00e9k post\u00e1ra ad\u00e1s\u00e1r\u00f3l (a fut\u00e1rc\u00e9gnek val\u00f3 \u00e1tad\u00e1s\u00e1r\u00f3l) vagy az \u00fczlethelyis\u00e9gben val\u00f3 \u00e1tv\u00e9tel lehet\u0151s\u00e9g\u00e9r\u0151l.<\/span><\/p>\n<p><span style=\"font-weight: 400;\">Az \u00dcgyf\u00e9l a megrendel\u00e9s felad\u00e1s\u00e1val kijelenti, hogy a jelen \u00c1ltal\u00e1nos Szerz\u0151d\u00e9si Felt\u00e9teleket elfogadja \u00e9s mag\u00e1ra n\u00e9zve k\u00f6telez\u0151nek ismeri el.<\/span><\/p>\n<p><b>4. A Felek k\u00f6z\u00f6tt \u00e9rv\u00e9nyes szerz\u0151d\u00e9s l\u00e9trej\u00f6tte<\/b><\/p>\n<p><span style=\"font-weight: 400;\">Az \u00dcgyf\u00e9l \u00e1ltal elk\u00fcld\u00f6tt megrendel\u00e9s (aj\u00e1nlat) meg\u00e9rkez\u00e9s\u00e9t a Szolg\u00e1ltat\u00f3 k\u00e9sedelem n\u00e9lk\u00fcl, automatikus visszaigazol\u00f3 e-mail \u00fatj\u00e1n halad\u00e9ktalanul, de legk\u00e9s\u0151bb 48 \u00f3r\u00e1n bel\u00fcl visszaigazolja az \u00dcgyf\u00e9l r\u00e9sz\u00e9re, mely visszaigazol\u00f3 e-mail tartalmazza az \u00dcgyf\u00e9l \u00e1ltal a v\u00e1s\u00e1rl\u00e1s, vagy a regisztr\u00e1ci\u00f3 sor\u00e1n megadott adatokat, a rendel\u00e9s azonos\u00edt\u00f3j\u00e1t (megrendel\u00e9s ID), a rendel\u00e9s d\u00e1tum\u00e1t, a megrendelt term\u00e9khez tartoz\u00f3 elemek felsorol\u00e1s\u00e1t, mennyis\u00e9g\u00e9t, a term\u00e9k \u00e1r\u00e1t, sz\u00e1ll\u00edt\u00e1si k\u00f6lts\u00e9get \u00e9s a fizetend\u0151 v\u00e9g\u00f6sszeget. Ez a visszaigazol\u00f3 e-mail igazolja, hogy a Felek k\u00f6z\u00f6tt \u00e9rv\u00e9nyes szerz\u0151d\u00e9s j\u00f6tt l\u00e9tre.<\/span><\/p>\n<p><span style=\"font-weight: 400;\">Az \u00dcgyf\u00e9l mentes\u00fcl az aj\u00e1nlati k\u00f6t\u00f6tts\u00e9g al\u00f3l, ha k\u00e9sedelem n\u00e9lk\u00fcl, illetve 48 \u00f3r\u00e1n bel\u00fcl nem kapja meg Szolg\u00e1ltat\u00f3t\u00f3l az elk\u00fcld\u00f6tt rendel\u00e9s\u00e9re vonatkoz\u00f3 visszaigazol\u00e1st.<\/span><\/p>\n<p><span style=\"font-weight: 400;\">A megrendel\u00e9s elektronikus \u00faton megk\u00f6t\u00f6tt szerz\u0151d\u00e9snek min\u0151s\u00fcl, amelyre a polg\u00e1ri t\u00f6rv\u00e9nyk\u00f6nyvr\u0151l sz\u00f3l\u00f3 2013. \u00e9vi V. t\u00f6rv\u00e9ny, az elektronikus kereskedelmi szolg\u00e1ltat\u00e1sok, valamint az inform\u00e1ci\u00f3s t\u00e1rsadalommal \u00f6sszef\u00fcgg\u0151 szolg\u00e1ltat\u00e1sok egyes k\u00e9rd\u00e9seir\u0151l sz\u00f3l\u00f3 2001. \u00e9vi CVIII. t\u00f6rv\u00e9nyben foglaltak ir\u00e1nyad\u00f3ak. A szerz\u0151d\u00e9s a fogyaszt\u00f3 \u00e9s a v\u00e1llalkoz\u00e1s k\u00f6z\u00f6tti szerz\u0151d\u00e9sek r\u00e9szletes szab\u00e1lyair\u00f3l sz\u00f3l\u00f3 45\/2014 (II.26.) Korm. rendelet hat\u00e1lya al\u00e1 tartozik, \u00e9s szem el\u0151tt tartja a fogyaszt\u00f3k jogair\u00f3l sz\u00f3l\u00f3 Eur\u00f3pai Parlament \u00e9s a Tan\u00e1cs 2011\/83\/EU ir\u00e1nyelv\u00e9nek rendelkez\u00e9seit.<\/span><\/p>\n<p><b>5. Sz\u00e1ll\u00edt\u00e1si \u00e9s fizet\u00e9si felt\u00e9telek<\/b><\/p>\n<p><span style=\"font-weight: 400;\">A sz\u00e1ll\u00edt\u00e1si d\u00edjakr\u00f3l \u00e9s felt\u00e9telekr\u0151l a Megrendel\u00e9s visszaigazol\u00e1sa ut\u00e1n egyedi t\u00e1j\u00e9koztat\u00e1st k\u00fcld\u00fcnk minden kedves \u00dcgyfel\u00fcnknek.<\/span><\/p>\n<p><span style=\"font-weight: 400;\">Amennyiben az \u00dcgyf\u00e9l 16 \u00f3r\u00e1ig elk\u00fcldi megrendel\u00e9s\u00e9t, a rakt\u00e1ron l\u00e9v\u0151 term\u00e9kek kisz\u00e1ll\u00edt\u00e1s\u00e1t a visszaigazol\u00e1st k\u00f6vet\u0151 48 \u00f3r\u00e1n bel\u00fcl v\u00e1rhatja, amennyiben 16 \u00f3ra ut\u00e1n k\u00fcldi megrendel\u00e9s\u00e9t, 72 \u00f3r\u00e1n bel\u00fcl v\u00e1rhatja megrendel\u00e9se kisz\u00e1ll\u00edt\u00e1s\u00e1t.<\/span><\/p>\n<p><span style=\"font-weight: 400;\">A megrendelt term\u00e9ket &#8211; az \u00dcgyf\u00e9l el\u0151zetes jelz\u00e9se alapj\u00e1n &#8211; szem\u00e9lyesen is \u00e1tveheti a Szolg\u00e1ltat\u00f3 telephelyein:<\/span><\/p>\n<p><span style=\"font-weight: 400;\">2142 Nagytarcsa, Als\u00f3 Ipari k\u00f6r\u00fat 8F.<\/span><\/p>\n<p><span style=\"font-weight: 400;\">A Weboldalon megrendelt szolg\u00e1ltat\u00e1sokat a Szolg\u00e1ltat\u00f3 az \u00dcgyf\u00e9lnek e-mailben k\u00fcld\u00f6tt rendel\u00e9si visszaigazol\u00e1sban megjel\u00f6lt teljes\u00edt\u00e9si helysz\u00ednen teljes\u00edti (sz\u00e1ll\u00edt\u00e1si c\u00edm).<\/span><\/p>\n<p><b>6. El\u00e1ll\u00e1si jog<\/b><\/p>\n<p><b>A jelen pontban foglaltak kiz\u00e1r\u00f3lag a term\u00e9szetes szem\u00e9ly fogyaszt\u00f3kra vonatkoznak (a tov\u00e1bbiakban: Fogyaszt\u00f3).<\/b><\/p>\n<p><span style=\"font-weight: 400;\">Fogyaszt\u00f3 jogosult a term\u00e9k ad\u00e1sv\u00e9tel\u00e9re ir\u00e1nyul\u00f3 szerz\u0151d\u00e9s eset\u00e9n<\/span><\/p>\n<ol>\n<li><span style=\"font-weight: 400;\">a term\u00e9knek,<\/span><\/li>\n<li><span style=\"font-weight: 400;\">t\u00f6bb term\u00e9k szolg\u00e1ltat\u00e1sakor az utolj\u00e1ra szolg\u00e1ltatott term\u00e9knek,<\/span><\/li>\n<\/ol>\n<p><span style=\"font-weight: 400;\">a fogyaszt\u00f3 vagy az \u00e1ltala megjel\u00f6lt, a fuvaroz\u00f3t\u00f3l elt\u00e9r\u0151 harmadik szem\u00e9ly \u00e1ltali \u00e1tv\u00e9tel\u00e9nek napj\u00e1t\u00f3l sz\u00e1m\u00edtott tizenn\u00e9gy (14) napon bel\u00fcl a szerz\u0151d\u00e9st\u0151l indokol\u00e1s n\u00e9lk\u00fcl el\u00e1llni.<\/span><\/p>\n<p><span style=\"font-weight: 400;\">Fogyaszt\u00f3 a szerz\u0151d\u00e9s megk\u00f6t\u00e9s\u00e9nek a napja \u00e9s a term\u00e9k \u00e1tv\u00e9tel\u00e9nek napja k\u00f6z\u00f6tti id\u0151szakban is gyakorolja el\u00e1ll\u00e1si jog\u00e1t.<\/span><\/p>\n<p><span style=\"font-weight: 400;\">Fogyaszt\u00f3t<\/span><i><span style=\"font-weight: 400;\">\u00a0<\/span><\/i><span style=\"font-weight: 400;\">nem illeti meg az el\u00e1ll\u00e1si jog lez\u00e1rt csomagol\u00e1s\u00fa hang-, illetve k\u00e9pfelv\u00e9tel, valamint sz\u00e1m\u00edt\u00f3g\u00e9pes szoftver p\u00e9ld\u00e1ny\u00e1nak ad\u00e1sv\u00e9tele viszonylat\u00e1ban, ha az \u00e1tad\u00e1st k\u00f6vet\u0151en a fogyaszt\u00f3 a csomagol\u00e1st felbontotta. Valamint nem illeti meg el\u00e1ll\u00e1si jog a Fogyaszt\u00f3t olyan nem el\u0151re gy\u00e1rtott term\u00e9k eset\u00e9ben, amelyet a fogyaszt\u00f3 utas\u00edt\u00e1sa alapj\u00e1n, illetve kifejezett k\u00e9r\u00e9s\u00e9re \u00e1ll\u00edtottak el\u0151, vagy olyan term\u00e9k eset\u00e9ben, amelyet egy\u00e9rtelm\u0171en a fogyaszt\u00f3 szem\u00e9ly\u00e9re szabtak.<\/span><\/p>\n<p><b>7. El\u00e1ll\u00e1si jog gyakorl\u00e1s\u00e1nak a menete<\/b><\/p>\n<p><span style=\"font-weight: 400;\">Ha a Fogyaszt\u00f3 el\u00e1ll\u00e1si jog\u00e1val \u00e9lni k\u00edv\u00e1n, el\u00e1ll\u00e1si sz\u00e1nd\u00e9k\u00e1t tartalmaz\u00f3 egy\u00e9rtelm\u0171 nyilatkozat\u00e1t k\u00f6teles hat\u00e1rid\u0151ben eljuttatni (p\u00e9ld\u00e1ul post\u00e1n, vagy elektronikus \u00faton k\u00fcld\u00f6tt lev\u00e9l \u00fatj\u00e1n) a jelen \u00c1SZF I. pontj\u00e1ban felt\u00fcntetett el\u00e9rhet\u0151s\u00e9gek valamelyik\u00e9re a Szolg\u00e1ltat\u00f3 r\u00e9sz\u00e9re. A Fogyaszt\u00f3 hat\u00e1rid\u0151ben \u00e9l el\u00e1ll\u00e1si jog\u00e1val, ha a fent megjel\u00f6lt hat\u00e1rid\u0151 lej\u00e1rta el\u0151tt megk\u00fcldi el\u00e1ll\u00e1si sz\u00e1nd\u00e9k\u00e1nak bejelent\u00e9s\u00e9t a Szolg\u00e1ltat\u00f3 r\u00e9sz\u00e9re.<\/span><\/p>\n<p><span style=\"font-weight: 400;\">A Fogyaszt\u00f3 el\u00e1ll\u00e1sa eset\u00e9n k\u00f6teles a megrendelt \u00e1rut\/term\u00e9ket a Szolg\u00e1ltat\u00f3 \u00c1SZF I. pontj\u00e1ban felt\u00fcntetett c\u00edm\u00e9re k\u00e9sedelem n\u00e9lk\u00fcl, azonban legk\u00e9s\u0151bb el\u00e1ll\u00e1si nyilatkozat\u00e1nak k\u00f6zl\u00e9s\u00e9t\u0151l sz\u00e1m\u00edtott 14 napon bel\u00fcl visszak\u00fcldeni.<\/span><\/p>\n<p><span style=\"font-weight: 400;\">A term\u00e9k Szolg\u00e1ltat\u00f3 c\u00edm\u00e9re t\u00f6rt\u00e9n\u0151 visszak\u00fcld\u00e9s\u00e9nek k\u00f6lts\u00e9ge Fogyaszt\u00f3t terheli. Amennyiben a Fogyaszt\u00f3 el\u00e1ll a szerz\u0151d\u00e9st\u0151l, halad\u00e9ktalanul, de legk\u00e9s\u0151bb a Fogyaszt\u00f3 el\u00e1ll\u00e1si nyilatkozat\u00e1nak Szolg\u00e1ltat\u00f3 \u00e1ltali k\u00e9zhezv\u00e9tel\u00e9t\u0151l sz\u00e1m\u00edtott 14 napon bel\u00fcl a Szolg\u00e1ltat\u00f3 visszat\u00e9r\u00edti a Fogyaszt\u00f3 \u00e1ltal teljes\u00edtett ellenszolg\u00e1ltat\u00e1st, vagyis a term\u00e9k v\u00e9tel\u00e1r\u00e1t. A Szolg\u00e1ltat\u00f3 visszat\u00e9r\u00edt\u00e9st jogosult \u00a0visszatartani, am\u00edg a term\u00e9k nem \u00e9rkezeik vissza\u00a0<\/span>hozz\u00e1.<\/p>\n<p><span style=\"font-weight: 400;\">A visszat\u00e9r\u00edt\u00e9s sor\u00e1n\u00a0<\/span>Szolg\u00e1ltat\u00f3 az eredeti \u00fcgylet sor\u00e1n alkalmazott fizet\u00e9si m\u00f3ddal egyez\u0151 fizet\u00e9si m\u00f3dot alkalmaz, kiv\u00e9ve, ha Fogyaszt\u00f3 m\u00e1s fizet\u00e9si m\u00f3d ig\u00e9nybev\u00e9tel\u00e9hez kifejezetten a hozz\u00e1j\u00e1rul\u00e1s\u00e1t adja; e visszat\u00e9r\u00edt\u00e9si m\u00f3d alkalmaz\u00e1s\u00e1b\u00f3l kifoly\u00f3lag Fogyaszt\u00f3t semmilyen t\u00f6bbletk\u00f6lts\u00e9g nem terheli.<\/p>\n<p><span style=\"font-weight: 400;\">Fogyaszt\u00f3 felel\u0151s a term\u00e9kben bek\u00f6vetkezett olyan \u00e9rt\u00e9kcs\u00f6kken\u00e9s\u00e9rt, amely a term\u00e9k jelleg\u00e9nek, tulajdons\u00e1gainak meg\u00e1llap\u00edt\u00e1s\u00e1hoz sz\u00fcks\u00e9ges haszn\u00e1latot meghalad\u00f3 haszn\u00e1lat miatt k\u00f6vetkezett be.<\/span><\/p>\n<p>&nbsp;<\/p>\n<p><b>8. J\u00f3t\u00e1ll\u00e1s<\/b><\/p>\n<p><span style=\"font-weight: 400;\">A Szolg\u00e1ltat\u00f3t az \u00e1ltala \u00e9rt\u00e9kes\u00edtett term\u00e9keire vonatkoz\u00f3an a Polg\u00e1ri T\u00f6rv\u00e9nyk\u00f6nyv, valamint a 151\/2003. Korm. rendelet alapj\u00e1n j\u00f3t\u00e1ll\u00e1si k\u00f6telezetts\u00e9g terheli, amely azt jelenti, hogy a j\u00f3t\u00e1ll\u00e1s id\u0151tartama alatt a felel\u0151ss\u00e9g al\u00f3l csak akkor mentes\u00fcl, ha bizony\u00edtja, hogy a hiba a term\u00e9k nem rendeltet\u00e9sszer\u0171 haszn\u00e1lat\u00e1ra vezethet\u0151 vissza. \u00a0Illetve, ha a Szolg\u00e1ltat\u00f3 bizony\u00edtja, hogy a hiba oka a teljes\u00edt\u00e9s ut\u00e1n keletkezett.<\/span><\/p>\n<p><span style=\"font-weight: 400;\">A j\u00f3t\u00e1ll\u00e1si id\u0151 a t\u00e9nyleges teljes\u00edt\u00e9ssel, teh\u00e1t a term\u00e9knek az \u00dcgyf\u00e9l r\u00e9sz\u00e9re t\u00f6rt\u00e9n\u0151 \u00e1tad\u00e1s\u00e1val, illetve a term\u00e9k jelleg\u00e9t\u0151l f\u00fcgg\u0151en annak \u00fczembe helyez\u00e9s\u00e9vel kezd\u0151dik.<\/span><\/p>\n<p><span style=\"font-weight: 400;\">Tart\u00f3s fogyaszt\u00e1si cikknek min\u0151s\u00fclnek az egyes tart\u00f3s fogyaszt\u00e1si cikkekre vonatkoz\u00f3 k\u00f6telez\u0151 j\u00f3t\u00e1ll\u00e1sr\u00f3l sz\u00f3l\u00f3 151\/2003. (IX.22.) Korm\u00e1nyrendelet mell\u00e9klet\u00e9ben felsorolt term\u00e9kek, melyekre a jogszab\u00e1ly egy \u00e9ves k\u00f6telez\u0151 j\u00f3t\u00e1ll\u00e1si id\u0151tartamot \u00edr el\u0151.<\/span><\/p>\n<p><span style=\"font-weight: 400;\">J\u00f3t\u00e1ll\u00e1s eset\u00e9n az \u00dcgyfelelt ugyanazon jogok illetik meg, mint a kell\u00e9kszavatoss\u00e1gr\u00f3l sz\u00f3l\u00f3 r\u00e9szben ismertettetek. Azonban az \u00dcgyfelet nem illeti meg az a jog, hogy ugyanazon hiba miatt kell\u00e9kszavatoss\u00e1gi \u00e9s j\u00f3t\u00e1ll\u00e1si ig\u00e9nyt, illetve term\u00e9kszavatoss\u00e1gi \u00e9s j\u00f3t\u00e1ll\u00e1si ig\u00e9nyt egyszerre, egym\u00e1ssal p\u00e1rhuzamosan \u00e9rv\u00e9nyes\u00edtsen.<\/span><\/p>\n<p><b>9. Szavatoss\u00e1g<\/b><\/p>\n<p><span style=\"font-weight: 400;\">Kell\u00e9kszavatoss\u00e1g<\/span><\/p>\n<p><span style=\"font-weight: 400;\">Az \u00dcgyf\u00e9l a Szolg\u00e1ltat\u00f3 hib\u00e1s teljes\u00edt\u00e9se eset\u00e9n a Szolg\u00e1ltat\u00f3val szemben kell\u00e9kszavatoss\u00e1gi ig\u00e9nyt \u00e9rv\u00e9nyes\u00edthet. Fogyaszt\u00f3i szerz\u0151d\u00e9s eset\u00e9n az \u00dcgyf\u00e9l a term\u00e9k \u00e1tv\u00e9tel\u00e9t\u0151l sz\u00e1m\u00edtott 2 \u00e9ves el\u00e9v\u00fcl\u00e9si hat\u00e1rid\u0151 alatt \u00e9rv\u00e9nyes\u00edtheti szavatoss\u00e1gi ig\u00e9nyeit azok\u00e9rt a term\u00e9khib\u00e1k\u00e9rt, amelyek a term\u00e9k \u00e1tad\u00e1sa id\u0151pontj\u00e1ban m\u00e1r l\u00e9teztek. A k\u00e9t \u00e9ves el\u00e9v\u00fcl\u00e9si hat\u00e1rid\u0151n t\u00fal kell\u00e9kszavatoss\u00e1gi jogait az \u00dcgyf\u00e9l nem gyakorolhatja. A nem Fogyaszt\u00f3val k\u00f6t\u00f6tt szerz\u0151d\u00e9s eset\u00e9n, a jogosult az \u00e1tv\u00e9tel id\u0151pontj\u00e1t\u00f3l sz\u00e1m\u00edtott 1 \u00e9ves el\u00e9v\u00fcl\u00e9si hat\u00e1rid\u0151 alatt \u00e9rv\u00e9nyes\u00edtheti szavatoss\u00e1gi ig\u00e9nyeit.<\/span><\/p>\n<p><span style=\"font-weight: 400;\">Az \u00dcgyf\u00e9l \u2013 v\u00e1laszt\u00e1sa szerint \u2013 k\u00e9rhet jav\u00edt\u00e1st vagy cser\u00e9t, kiv\u00e9ve, ha az ezek k\u00f6z\u00fcl az \u00dcgyf\u00e9l \u00e1ltal v\u00e1lasztott ig\u00e9ny teljes\u00edt\u00e9se lehetetlen vagy a Szolg\u00e1ltat\u00f3 sz\u00e1m\u00e1ra m\u00e1s ig\u00e9nye teljes\u00edt\u00e9s\u00e9hez k\u00e9pest ar\u00e1nytalan t\u00f6bbletk\u00f6lts\u00e9ggel j\u00e1rna. Ha a jav\u00edt\u00e1st vagy a cser\u00e9t az \u00dcgyf\u00e9l nem k\u00e9rte, illetve nem k\u00e9rhette, \u00fagy ig\u00e9nyelheti az ellenszolg\u00e1ltat\u00e1s ar\u00e1nyos lesz\u00e1ll\u00edt\u00e1s\u00e1t vagy a hib\u00e1t a Szolg\u00e1ltat\u00f3 k\u00f6lts\u00e9g\u00e9re az \u00dcgyf\u00e9l is kijav\u00edthatja, illetve m\u00e1ssal kijav\u00edttathatja vagy \u2013 v\u00e9gs\u0151 esetben \u2013 a szerz\u0151d\u00e9st\u0151l is el\u00e1llhat. Azzal, hogy jelent\u00e9ktelen hiba miatt el\u00e1ll\u00e1snak nincs helye.<\/span><\/p>\n<p><span style=\"font-weight: 400;\">Az \u00dcgyf\u00e9l a v\u00e1lasztott kell\u00e9kszavatoss\u00e1gi jog\u00e1r\u00f3l egy m\u00e1sikra is \u00e1tt\u00e9rhet, az \u00e1tt\u00e9r\u00e9s k\u00f6lts\u00e9g\u00e9t azonban k\u00f6teles viselni, kiv\u00e9ve, ha az indokolt volt, vagy arra a Szolg\u00e1ltat\u00f3 magatart\u00e1sa adott okot.<\/span><\/p>\n<p><span style=\"font-weight: 400;\">Az \u00dcgyf\u00e9l k\u00f6teles a hib\u00e1t annak felfedez\u00e9se ut\u00e1n halad\u00e9ktalanul, de nem k\u00e9s\u0151bb, mint a hiba felfedez\u00e9s\u00e9t\u0151l sz\u00e1m\u00edtott kett\u0151 h\u00f3napon bel\u00fcl k\u00f6z\u00f6lni a Szolg\u00e1ltat\u00f3val.<\/span><\/p>\n<p><span style=\"font-weight: 400;\">Az \u00dcgyf\u00e9l k\u00f6zvetlen\u00fcl a Szolg\u00e1ltat\u00f3val szemben \u00e9rv\u00e9nyes\u00edtheti kell\u00e9kszavatoss\u00e1gi ig\u00e9ny\u00e9t.<\/span><\/p>\n<p><span style=\"font-weight: 400;\">A szerz\u0151d\u00e9s teljes\u00edt\u00e9s\u00e9t\u0151l sz\u00e1m\u00edtott hat h\u00f3napon bel\u00fcl a kell\u00e9kszavatoss\u00e1gi ig\u00e9nye \u00e9rv\u00e9nyes\u00edt\u00e9s\u00e9nek a hiba k\u00f6zl\u00e9s\u00e9n t\u00fal nincs egy\u00e9b felt\u00e9tele, ha az \u00dcgyf\u00e9l igazolja, hogy a term\u00e9ket a Szolg\u00e1ltat\u00f3t\u00f3l v\u00e1s\u00e1rolta (sz\u00e1mla vagy a sz\u00e1mla m\u00e1solat\u00e1nak bemutat\u00e1s\u00e1val). Ilyen esetben a Szolg\u00e1ltat\u00f3 csak akkor mentes\u00fcl a szavatoss\u00e1g al\u00f3l, ha ezt a v\u00e9lelmet megd\u00f6nti, vagyis bizony\u00edtja, hogy a term\u00e9k hib\u00e1ja az \u00dcgyf\u00e9l r\u00e9sz\u00e9re t\u00f6rt\u00e9n\u0151 \u00e1tad\u00e1st k\u00f6vet\u0151en keletkezett. Amennyiben a Szolg\u00e1ltat\u00f3 bizony\u00edtani tudja, hogy a hiba oka az \u00dcgyf\u00e9lnek felr\u00f3hat\u00f3 okb\u00f3l keletkezett, nem k\u00f6teles az \u00dcgyf\u00e9l \u00e1ltal t\u00e1masztott szavatoss\u00e1gi ig\u00e9nynek helyt adni. A teljes\u00edt\u00e9st\u0151l sz\u00e1m\u00edtott hat h\u00f3nap eltelte ut\u00e1n azonban m\u00e1r az \u00dcgyf\u00e9l k\u00f6teles bizony\u00edtani, hogy az \u00e1ltala felismert hiba m\u00e1r a teljes\u00edt\u00e9s id\u0151pontj\u00e1ban is megvolt.<\/span><\/p>\n<p><span style=\"font-weight: 400;\">Ha az \u00dcgyf\u00e9l a szavatoss\u00e1gi ig\u00e9ny\u00e9t a term\u00e9kt\u0151l &#8211; a megjel\u00f6lt hiba szempontj\u00e1b\u00f3l &#8211; elk\u00fcl\u00f6n\u00edthet\u0151 r\u00e9sze tekintet\u00e9ben \u00e9rv\u00e9nyes\u00edti, a szavatoss\u00e1gi ig\u00e9ny a term\u00e9k egy\u00e9b r\u00e9szeire nem min\u0151s\u00fcl \u00e9rv\u00e9nyes\u00edtettnek.<\/span><\/p>\n<p><span style=\"font-weight: 400;\">Term\u00e9kszavatoss\u00e1g<\/span><\/p>\n<p><span style=\"font-weight: 400;\">Az \u00e1ru, vagy term\u00e9k (ing\u00f3 dolog) hib\u00e1ja eset\u00e9n a fogyaszt\u00f3nak min\u0151s\u00fcl\u0151 v\u00e1s\u00e1rl\u00f3 \u2013 v\u00e1laszt\u00e1sa szerint \u2013kell\u00e9kszavatoss\u00e1gi jogot vagy term\u00e9kszavatoss\u00e1gi ig\u00e9nyt \u00e9rv\u00e9nyes\u00edthet.<\/span><\/p>\n<p><span style=\"font-weight: 400;\">A Fogyaszt\u00f3t azonban nem illeti meg az a jog, hogy ugyanazon hiba miatt kell\u00e9kszavatoss\u00e1gi \u00e9s term\u00e9kszavatoss\u00e1gi ig\u00e9nyt egyszerre, egym\u00e1ssal p\u00e1rhuzamosan \u00e9rv\u00e9nyes\u00edtsen. Term\u00e9kszavatoss\u00e1gi ig\u00e9ny \u00e9rv\u00e9nyes\u00edt\u00e9se eset\u00e9n azonban a kicser\u00e9lt term\u00e9kre, illetve kijav\u00edtott r\u00e9szre vonatkoz\u00f3 kell\u00e9kszavatoss\u00e1gi ig\u00e9ny\u00e9t az \u00dcgyf\u00e9l a gy\u00e1rt\u00f3val szemben \u00e9rv\u00e9nyes\u00edtheti.<\/span><\/p>\n<p><span style=\"font-weight: 400;\">Term\u00e9kszavatoss\u00e1gi ig\u00e9nyk\u00e9nt az \u00dcgyf\u00e9l kiz\u00e1r\u00f3lag a hib\u00e1s term\u00e9k jav\u00edt\u00e1s\u00e1t vagy cser\u00e9j\u00e9t k\u00e9rheti. A term\u00e9k hib\u00e1j\u00e1t term\u00e9kszavatoss\u00e1gi ig\u00e9ny \u00e9rv\u00e9nyes\u00edt\u00e9se eset\u00e9n az \u00dcgyf\u00e9lnek kell bizony\u00edtania.<\/span><\/p>\n<p><span style=\"font-weight: 400;\">Egy term\u00e9k akkor min\u0151s\u00fcl hib\u00e1snak, ha az nem felel meg a forgalomba hozatalakor hat\u00e1lyos min\u0151s\u00e9gi k\u00f6vetelm\u00e9nyeknek, vagy ha nem rendelkezik a gy\u00e1rt\u00f3 \u00e1ltal adott le\u00edr\u00e1sban szerepl\u0151 tulajdons\u00e1gokkal.<\/span><\/p>\n<p><span style=\"font-weight: 400;\">Term\u00e9kszavatoss\u00e1gi ig\u00e9ny\u00e9t az \u00dcgyf\u00e9l a term\u00e9k gy\u00e1rt\u00f3 \u00e1ltali forgalomba hozatal\u00e1t\u00f3l sz\u00e1m\u00edtott k\u00e9t \u00e9ven bel\u00fcl \u00e9rv\u00e9nyes\u00edtheti. E hat\u00e1rid\u0151 eltelt\u00e9vel e jogosults\u00e1g\u00e1t elveszti. Az \u00dcgyf\u00e9l a hiba felfedez\u00e9se ut\u00e1n k\u00e9sedelem n\u00e9lk\u00fcl k\u00f6teles a hib\u00e1t a gy\u00e1rt\u00f3val k\u00f6z\u00f6lni. A hiba felfedez\u00e9s\u00e9t\u0151l sz\u00e1m\u00edtott k\u00e9t h\u00f3napon bel\u00fcl k\u00f6z\u00f6lt hib\u00e1t k\u00e9sedelem n\u00e9lk\u00fcl k\u00f6z\u00f6ltnek kell tekinteni. A k\u00f6zl\u00e9s k\u00e9sedelm\u00e9b\u0151l ered\u0151 k\u00e1r\u00e9rt a Fogyaszt\u00f3 felel\u0151s.<\/span><\/p>\n<p><span style=\"font-weight: 400;\">Az \u00dcgyf\u00e9l term\u00e9kszavatoss\u00e1gi ig\u00e9ny\u00e9t az ing\u00f3 dolog gy\u00e1rt\u00f3j\u00e1val vagy forgalmaz\u00f3j\u00e1val (Szolg\u00e1ltat\u00f3) szemben gyakorolhatja.<\/span><\/p>\n<p><span style=\"font-weight: 400;\">A Ptk. rendelkez\u00e9seinek \u00e9rtelm\u00e9ben gy\u00e1rt\u00f3nak min\u0151s\u00fcl a term\u00e9k el\u0151\u00e1ll\u00edt\u00f3ja \u00e9s forgalmaz\u00f3ja.<\/span><\/p>\n<p><span style=\"font-weight: 400;\">A gy\u00e1rt\u00f3, forgalmaz\u00f3 (Szolg\u00e1ltat\u00f3) kiz\u00e1r\u00f3lag akkor mentes\u00fcl term\u00e9kszavatoss\u00e1gi k\u00f6telezetts\u00e9ge al\u00f3l, ha bizony\u00edtani tudja, hogy a term\u00e9ket nem \u00fczleti tev\u00e9kenys\u00e9ge k\u00f6r\u00e9ben gy\u00e1rtotta, illetve hozta forgalomba, vagy a hiba a tudom\u00e1ny \u00e9s a technika \u00e1ll\u00e1sa szerint a forgalomba hozatal id\u0151pontj\u00e1ban nem volt felismerhet\u0151 vagy a term\u00e9k hib\u00e1ja jogszab\u00e1ly vagy k\u00f6telez\u0151 hat\u00f3s\u00e1gi el\u0151\u00edr\u00e1s alkalmaz\u00e1s\u00e1b\u00f3l ered.<\/span><\/p>\n<p><b>10. Felel\u0151ss\u00e9g<\/b><\/p>\n<p><span style=\"font-weight: 400;\">Szolg\u00e1ltat\u00f3 minden elv\u00e1rhat\u00f3 l\u00e9p\u00e9st megtesz az\u00e9rt, hogy a jelen port\u00e1lon k\u00f6z\u00f6lt inform\u00e1ci\u00f3k \u00e9s adatok pontosak legyenek felt\u00f6lt\u00e9s\u00fck id\u0151pontj\u00e1ban. Azonban a jelen port\u00e1lon kereszt\u00fcl ny\u00fajtott inform\u00e1ci\u00f3k\u00e9rt a Szolg\u00e1ltat\u00f3 sem kifejezetten, sem r\u00e1utal\u00f3 m\u00f3don nem v\u00e1llal felel\u0151ss\u00e9get \u00e9s fenntartja a jogot arra, hogy \u00e9rtes\u00edt\u00e9s n\u00e9lk\u00fcl is b\u00e1rmikor m\u00f3dos\u00edt\u00e1sokat \u00e9s jav\u00edt\u00e1sokat hajtson v\u00e9gre, illetve a port\u00e1lt vagy az azon k\u00f6z\u00f6lt inform\u00e1ci\u00f3kat r\u00e9szben vagy eg\u00e9sz\u00e9ben megsz\u00fcntesse. A Szolg\u00e1ltat\u00f3 nem v\u00e1llal felel\u0151ss\u00e9get a port\u00e1lon el\u0151fordul\u00f3 esetleges pontatlans\u00e1g\u00e9rt, vagy hi\u00e1nyoss\u00e1g\u00e9rt.<\/span><\/p>\n<p><span style=\"font-weight: 400;\">A Szolg\u00e1ltat\u00f3 nem tartozik felel\u0151ss\u00e9ggel a port\u00e1l haszn\u00e1lata, vagy haszn\u00e1latra k\u00e9ptelen \u00e1llapota, nem megfelel\u0151 m\u0171k\u00f6d\u00e9se, \u00fczemzavara, az adatok b\u00e1rki \u00e1ltal t\u00f6rt\u00e9n\u0151 illet\u00e9ktelen megv\u00e1ltoztat\u00e1sa folyt\u00e1n bek\u00f6vetkez\u0151, illetve az inform\u00e1ci\u00f3tov\u00e1bb\u00edt\u00e1si k\u00e9sedelemb\u0151l, sz\u00e1m\u00edt\u00f3g\u00e9pes v\u00edrusb\u00f3l, vonal- vagy rendszerhib\u00e1b\u00f3l vagy m\u00e1s hasonl\u00f3 okb\u00f3l sz\u00e1rmaz\u00f3 esetleges k\u00e1r\u00e9rt, vesztes\u00e9g\u00e9rt, k\u00f6lts\u00e9g\u00e9rt.<\/span><\/p>\n<p><b>11. Jog\u00e9rv\u00e9nyes\u00edt\u00e9si lehet\u0151s\u00e9gek<\/b><\/p>\n<p><span style=\"font-weight: 400;\">Panasz\u00fcgyint\u00e9z\u00e9s<\/span><\/p>\n<p><span style=\"font-weight: 400;\">Az \u00dcgyf\u00e9l a term\u00e9kkel vagy a Szolg\u00e1ltat\u00f3 tev\u00e9kenys\u00e9g\u00e9vel kapcsolatos fogyaszt\u00f3i \u00e9szrev\u00e9teleit, vagy kifog\u00e1sait az al\u00e1bbi el\u00e9rhet\u0151s\u00e9geken terjesztheti el\u0151:<\/span><\/p>\n<p><span style=\"font-weight: 400;\">V\u00e1s\u00e1rl\u00f3i \u00fcgyf\u00e9lszolg\u00e1lat<\/span><\/p>\n<p><span style=\"font-weight: 400;\">C\u00edm:\u00a02142 Nagytarcsa, Als\u00f3 Ipari k\u00f6r\u00fat 8F.<\/span><\/p>\n<p><span style=\"font-weight: 400;\">Szem\u00e9lyes \u00fcgyf\u00e9lszolg\u00e1lati nyitva tart\u00e1s: H-P 9:00-15:00<\/span><\/p>\n<p><span style=\"font-weight: 400;\">Telefonos \u00fcgyf\u00e9lszolg\u00e1lat nyitva tart\u00e1s: H-P 9:00-16:00<\/span><\/p>\n<p><span style=\"font-weight: 400;\">E-mail: rendeles@fortempack.hu<\/span><\/p>\n<p><span style=\"font-weight: 400;\">\u00a0<\/span><\/p>\n<p><span style=\"font-weight: 400;\">A hat\u00e1lyos jogszab\u00e1lyi rendelkez\u00e9sek alapj\u00e1n a sz\u00f3beli panaszt a Szolg\u00e1ltat\u00f3 azonnal kivizsg\u00e1lja, \u00e9s lehet\u0151s\u00e9g szerint orvosolja, amennyiben a panasz jellege ezt lehet\u0151v\u00e9 teszi. Ha az \u00dcgyf\u00e9l a panasz kezel\u00e9s\u00e9vel nem \u00e9rt egyet, vagy a panasz azonnali kivizsg\u00e1l\u00e1sa nem lehets\u00e9ges, akkor a Szolg\u00e1ltat\u00f3 a panaszr\u00f3l \u00e9s a saj\u00e1t \u00e1ll\u00e1spontj\u00e1r\u00f3l jegyz\u0151k\u00f6nyvet vesz fel, \u00e9s annak egy m\u00e1solati p\u00e9ld\u00e1ny\u00e1t szem\u00e9lyesen k\u00f6z\u00f6lt sz\u00f3beli panasz eset\u00e9n helyben \u00dcgyf\u00e9lnek \u00e1tadja. A telefonon k\u00f6z\u00f6lt sz\u00f3beli panasz eset\u00e9n, azt az \u00dcgyf\u00e9lnek legk\u00e9s\u0151bb az \u00edr\u00e1sbeli panaszr\u00f3l sz\u00f3l\u00f3 r\u00e9szben meghat\u00e1rozott \u00e9rdemi v\u00e1lasszal egyidej\u0171leg elk\u00fcldi, illetve a tov\u00e1bbiakban az \u00edr\u00e1sbeli panaszra vonatkoz\u00f3an rendelkez\u00e9sek szerint j\u00e1r el.<\/span><\/p>\n<p><span style=\"font-weight: 400;\">A telefonon k\u00f6z\u00f6lt sz\u00f3beli panaszt a Szolg\u00e1ltat\u00f3 k\u00f6telez\u0151en egy egyedi azonos\u00edt\u00f3sz\u00e1mmal l\u00e1tja el, ami a panasz visszakereshet\u0151s\u00e9g\u00e9t seg\u00edti, ezt a sz\u00e1mot a Szolg\u00e1ltat\u00f3 az \u00dcgyf\u00e9llel mindenkor k\u00f6zli.<\/span><\/p>\n<p><span style=\"font-weight: 400;\">A Szolg\u00e1ltat\u00f3 az \u00edr\u00e1sbeli panaszt a be\u00e9rkez\u00e9s\u00e9t k\u00f6vet\u0151en harminc napon bel\u00fcl k\u00f6teles megvizsg\u00e1lni \u00e9s \u00e9rdemben megv\u00e1laszolni, tov\u00e1bb\u00e1 int\u00e9zkedni arr\u00f3l, hogy a v\u00e1lasz az \u00dcgyf\u00e9lhez eljusson. Ha a panaszt a Szolg\u00e1ltat\u00f3 elutas\u00edtja, k\u00f6teles \u00e1ll\u00e1spontj\u00e1t az elutas\u00edt\u00e1sra vonatkoz\u00f3 \u00e9rdemi v\u00e1lasz\u00e1ban megindokolni.<\/span><\/p>\n<p><span style=\"font-weight: 400;\">A panaszr\u00f3l felvett jegyz\u0151k\u00f6nyvet \u00e9s a v\u00e1lasz m\u00e1solati p\u00e9ld\u00e1ny\u00e1t a Szolg\u00e1ltat\u00f3 k\u00f6teles \u00f6t \u00e9vig meg\u0151rizni.<\/span><\/p>\n<p><span style=\"font-weight: 400;\">Egy\u00e9b jog\u00e9rv\u00e9nyes\u00edt\u00e9si lehet\u0151s\u00e9gek<\/span><\/p>\n<p><span style=\"font-weight: 400;\">Amennyiben a Szolg\u00e1ltat\u00f3 \u00e9s az \u00dcgyf\u00e9l k\u00f6z\u00f6tt esetlegesen fenn\u00e1ll\u00f3 fogyaszt\u00f3i jogvita Szolg\u00e1ltat\u00f3val val\u00f3 t\u00e1rgyal\u00e1sok sor\u00e1n nem rendez\u0151dik, az al\u00e1bbi jog\u00e9rv\u00e9nyes\u00edt\u00e9si lehet\u0151s\u00e9gek \u00e1llnak nyitva az \u00dcgyf\u00e9l sz\u00e1m\u00e1ra:<\/span><\/p>\n<p><span style=\"font-weight: 400;\">Bejegyz\u00e9s a v\u00e1s\u00e1rl\u00f3k k\u00f6nyv\u00e9be, v\u00e1s\u00e1rl\u00f3k k\u00f6nyve a Szolg\u00e1ltat\u00f3 telephely\u00e9n el\u00e9rhet\u0151.<\/span><\/p>\n<p><span style=\"font-weight: 400;\">Az ide \u00edrott bejegyz\u00e9sekre a Szolg\u00e1ltat\u00f3 30 napon bel\u00fcl \u00edr\u00e1sban v\u00e1laszol.<\/span><\/p>\n<p><span style=\"font-weight: 400;\">Panaszt\u00e9tel a Fogyaszt\u00f3v\u00e9delmi Hat\u00f3s\u00e1gn\u00e1l. Amennyiben \u00dcgyf\u00e9l fogyaszt\u00f3i jogainak megs\u00e9rt\u00e9s\u00e9t \u00e9szleli, jogosult panasszal fordulni a lak\u00f3helye szerint illet\u00e9kes fogyaszt\u00f3v\u00e9delmi hat\u00f3s\u00e1ghoz. A panasz elb\u00edr\u00e1l\u00e1s\u00e1t k\u00f6vet\u0151en a hat\u00f3s\u00e1g d\u00f6nt a fogyaszt\u00f3v\u00e9delmi elj\u00e1r\u00e1s lefolytat\u00e1s\u00e1r\u00f3l.<\/span><\/p>\n<p><span style=\"font-weight: 400;\">Ezen \u00e1ltal\u00e1nos sz\u00e1ll\u00edt\u00e1si felt\u00e9telek magyarul k\u00e9sz\u00fcltek. B\u00e1rmely idegen nyelvre t\u00f6rt\u00e9n\u0151 ford\u00edt\u00e1s eset\u00e9n a magyar nyelv\u0171 v\u00e1ltozat az ir\u00e1nyad\u00f3. A fentiekben nem szab\u00e1lyozott k\u00e9rd\u00e9sekben a Ptk. \u00e9s a mindenkor hat\u00e1lyos magyar jogszab\u00e1lyok rendelkez\u00e9sei az ir\u00e1nyad\u00f3ak.\u00a0<\/span><\/p>\n<p><span style=\"font-weight: 400;\">Budapest, 2017. szeptember<\/span><\/p>\n","protected":false},"excerpt":{"rendered":"<p>&nbsp; \u00c1LTAL\u00c1NOS SZERZ\u0150D\u00c9SI FELT\u00c9TELEK Az \u00c1ltal\u00e1nos Szerz\u0151d\u00e9si Felt\u00e9telek elfogad\u00e1s\u00e1val a GDPR-t is elfogadottnak tekintj\u00fck. A jelen \u00c1ltal\u00e1nos Szerz\u0151d\u00e9si Felt\u00e9telek (a tov\u00e1bbiakban: \u00c1SZF) a Fortem Pack Kft. (tov\u00e1bbiakban: Szolg\u00e1ltat\u00f3) \u00e9s a Szolg\u00e1ltat\u00f3 \u00e1ltal a www.fortempack.hu weboldalon kereszt\u00fcl ny\u00fajtott elektronikus kereskedelmi szolg\u00e1ltat\u00e1sokat ig\u00e9nybe vev\u0151 \u00dcgyf\u00e9l (a tov\u00e1bbiakban: \u00dcgyf\u00e9l) jogait \u00e9s k\u00f6telezetts\u00e9geit tartalmazza. Szolg\u00e1ltat\u00f3 \u00e9s \u00dcgyf\u00e9l a jelen <a class=\"read-more\" href=\"http:\/\/fortempack.hu\/?page_id=216\">Tov\u00e1bb olvasom&#8230;<\/a><\/p>\n","protected":false},"author":1,"featured_media":0,"parent":0,"menu_order":0,"comment_status":"closed","ping_status":"closed","template":"","meta":[],"yoast_head":"<!-- This site is optimized with the Yoast SEO plugin v19.6 - https:\/\/yoast.com\/wordpress\/plugins\/seo\/ -->\n<title>\u00c1SZF - Fortempack web\u00e1ruh\u00e1z<\/title>\n<meta name=\"robots\" content=\"index, follow, max-snippet:-1, max-image-preview:large, max-video-preview:-1\" \/>\n<link rel=\"canonical\" href=\"http:\/\/fortempack.hu\/?page_id=216\" \/>\n<meta property=\"og:locale\" content=\"hu_HU\" \/>\n<meta property=\"og:type\" content=\"article\" \/>\n<meta property=\"og:title\" content=\"\u00c1SZF - Fortempack web\u00e1ruh\u00e1z\" \/>\n<meta property=\"og:description\" content=\"&nbsp; \u00c1LTAL\u00c1NOS SZERZ\u0150D\u00c9SI FELT\u00c9TELEK Az \u00c1ltal\u00e1nos Szerz\u0151d\u00e9si Felt\u00e9telek elfogad\u00e1s\u00e1val a GDPR-t is elfogadottnak tekintj\u00fck. A jelen \u00c1ltal\u00e1nos Szerz\u0151d\u00e9si Felt\u00e9telek (a tov\u00e1bbiakban: \u00c1SZF) a Fortem Pack Kft. (tov\u00e1bbiakban: Szolg\u00e1ltat\u00f3) \u00e9s a Szolg\u00e1ltat\u00f3 \u00e1ltal a www.fortempack.hu weboldalon kereszt\u00fcl ny\u00fajtott elektronikus kereskedelmi szolg\u00e1ltat\u00e1sokat ig\u00e9nybe vev\u0151 \u00dcgyf\u00e9l (a tov\u00e1bbiakban: \u00dcgyf\u00e9l) jogait \u00e9s k\u00f6telezetts\u00e9geit tartalmazza. Szolg\u00e1ltat\u00f3 \u00e9s \u00dcgyf\u00e9l a jelen Tov\u00e1bb olvasom...\" \/>\n<meta property=\"og:url\" content=\"http:\/\/fortempack.hu\/?page_id=216\" \/>\n<meta property=\"og:site_name\" content=\"Fortempack web\u00e1ruh\u00e1z\" \/>\n<meta property=\"article:modified_time\" content=\"2018-05-23T09:15:58+00:00\" \/>\n<meta name=\"twitter:card\" content=\"summary_large_image\" \/>\n<meta name=\"twitter:label1\" content=\"Becs\u00fclt olvas\u00e1si id\u0151\" \/>\n\t<meta name=\"twitter:data1\" content=\"24 perc\" \/>\n<script type=\"application\/ld+json\" class=\"yoast-schema-graph\">{\"@context\":\"https:\/\/schema.org\",\"@graph\":[{\"@type\":\"WebPage\",\"@id\":\"http:\/\/fortempack.hu\/?page_id=216\",\"url\":\"http:\/\/fortempack.hu\/?page_id=216\",\"name\":\"\u00c1SZF - Fortempack web\u00e1ruh\u00e1z\",\"isPartOf\":{\"@id\":\"https:\/\/fortempack.hu\/#website\"},\"datePublished\":\"2017-07-31T14:11:03+00:00\",\"dateModified\":\"2018-05-23T09:15:58+00:00\",\"breadcrumb\":{\"@id\":\"http:\/\/fortempack.hu\/?page_id=216#breadcrumb\"},\"inLanguage\":\"hu\",\"potentialAction\":[{\"@type\":\"ReadAction\",\"target\":[\"http:\/\/fortempack.hu\/?page_id=216\"]}]},{\"@type\":\"BreadcrumbList\",\"@id\":\"http:\/\/fortempack.hu\/?page_id=216#breadcrumb\",\"itemListElement\":[{\"@type\":\"ListItem\",\"position\":1,\"name\":\"Home\",\"item\":\"https:\/\/fortempack.hu\/\"},{\"@type\":\"ListItem\",\"position\":2,\"name\":\"\u00c1SZF\"}]},{\"@type\":\"WebSite\",\"@id\":\"https:\/\/fortempack.hu\/#website\",\"url\":\"https:\/\/fortempack.hu\/\",\"name\":\"Fortempack web\u00e1ruh\u00e1z\",\"description\":\"Teljesk\u00f6r\u0171 ell\u00e1t\u00e1sban FORTEM!\",\"publisher\":{\"@id\":\"https:\/\/fortempack.hu\/#organization\"},\"potentialAction\":[{\"@type\":\"SearchAction\",\"target\":{\"@type\":\"EntryPoint\",\"urlTemplate\":\"https:\/\/fortempack.hu\/?s={search_term_string}\"},\"query-input\":\"required name=search_term_string\"}],\"inLanguage\":\"hu\"},{\"@type\":\"Organization\",\"@id\":\"https:\/\/fortempack.hu\/#organization\",\"name\":\"Fortempack web\u00e1ruh\u00e1z\",\"url\":\"https:\/\/fortempack.hu\/\",\"sameAs\":[],\"logo\":{\"@type\":\"ImageObject\",\"inLanguage\":\"hu\",\"@id\":\"https:\/\/fortempack.hu\/#\/schema\/logo\/image\/\",\"url\":\"http:\/\/fortempack.hu\/wp-content\/uploads\/2021\/11\/cropped-Fortem-logo.png\",\"contentUrl\":\"http:\/\/fortempack.hu\/wp-content\/uploads\/2021\/11\/cropped-Fortem-logo.png\",\"width\":468,\"height\":143,\"caption\":\"Fortempack web\u00e1ruh\u00e1z\"},\"image\":{\"@id\":\"https:\/\/fortempack.hu\/#\/schema\/logo\/image\/\"}}]}<\/script>\n<!-- \/ Yoast SEO plugin. -->","yoast_head_json":{"title":"\u00c1SZF - Fortempack web\u00e1ruh\u00e1z","robots":{"index":"index","follow":"follow","max-snippet":"max-snippet:-1","max-image-preview":"max-image-preview:large","max-video-preview":"max-video-preview:-1"},"canonical":"http:\/\/fortempack.hu\/?page_id=216","og_locale":"hu_HU","og_type":"article","og_title":"\u00c1SZF - Fortempack web\u00e1ruh\u00e1z","og_description":"&nbsp; \u00c1LTAL\u00c1NOS SZERZ\u0150D\u00c9SI FELT\u00c9TELEK Az \u00c1ltal\u00e1nos Szerz\u0151d\u00e9si Felt\u00e9telek elfogad\u00e1s\u00e1val a GDPR-t is elfogadottnak tekintj\u00fck. A jelen \u00c1ltal\u00e1nos Szerz\u0151d\u00e9si Felt\u00e9telek (a tov\u00e1bbiakban: \u00c1SZF) a Fortem Pack Kft. (tov\u00e1bbiakban: Szolg\u00e1ltat\u00f3) \u00e9s a Szolg\u00e1ltat\u00f3 \u00e1ltal a www.fortempack.hu weboldalon kereszt\u00fcl ny\u00fajtott elektronikus kereskedelmi szolg\u00e1ltat\u00e1sokat ig\u00e9nybe vev\u0151 \u00dcgyf\u00e9l (a tov\u00e1bbiakban: \u00dcgyf\u00e9l) jogait \u00e9s k\u00f6telezetts\u00e9geit tartalmazza. Szolg\u00e1ltat\u00f3 \u00e9s \u00dcgyf\u00e9l a jelen Tov\u00e1bb olvasom...","og_url":"http:\/\/fortempack.hu\/?page_id=216","og_site_name":"Fortempack web\u00e1ruh\u00e1z","article_modified_time":"2018-05-23T09:15:58+00:00","twitter_card":"summary_large_image","twitter_misc":{"Becs\u00fclt olvas\u00e1si id\u0151":"24 perc"},"schema":{"@context":"https:\/\/schema.org","@graph":[{"@type":"WebPage","@id":"http:\/\/fortempack.hu\/?page_id=216","url":"http:\/\/fortempack.hu\/?page_id=216","name":"\u00c1SZF - Fortempack web\u00e1ruh\u00e1z","isPartOf":{"@id":"https:\/\/fortempack.hu\/#website"},"datePublished":"2017-07-31T14:11:03+00:00","dateModified":"2018-05-23T09:15:58+00:00","breadcrumb":{"@id":"http:\/\/fortempack.hu\/?page_id=216#breadcrumb"},"inLanguage":"hu","potentialAction":[{"@type":"ReadAction","target":["http:\/\/fortempack.hu\/?page_id=216"]}]},{"@type":"BreadcrumbList","@id":"http:\/\/fortempack.hu\/?page_id=216#breadcrumb","itemListElement":[{"@type":"ListItem","position":1,"name":"Home","item":"https:\/\/fortempack.hu\/"},{"@type":"ListItem","position":2,"name":"\u00c1SZF"}]},{"@type":"WebSite","@id":"https:\/\/fortempack.hu\/#website","url":"https:\/\/fortempack.hu\/","name":"Fortempack web\u00e1ruh\u00e1z","description":"Teljesk\u00f6r\u0171 ell\u00e1t\u00e1sban FORTEM!","publisher":{"@id":"https:\/\/fortempack.hu\/#organization"},"potentialAction":[{"@type":"SearchAction","target":{"@type":"EntryPoint","urlTemplate":"https:\/\/fortempack.hu\/?s={search_term_string}"},"query-input":"required name=search_term_string"}],"inLanguage":"hu"},{"@type":"Organization","@id":"https:\/\/fortempack.hu\/#organization","name":"Fortempack web\u00e1ruh\u00e1z","url":"https:\/\/fortempack.hu\/","sameAs":[],"logo":{"@type":"ImageObject","inLanguage":"hu","@id":"https:\/\/fortempack.hu\/#\/schema\/logo\/image\/","url":"http:\/\/fortempack.hu\/wp-content\/uploads\/2021\/11\/cropped-Fortem-logo.png","contentUrl":"http:\/\/fortempack.hu\/wp-content\/uploads\/2021\/11\/cropped-Fortem-logo.png","width":468,"height":143,"caption":"Fortempack web\u00e1ruh\u00e1z"},"image":{"@id":"https:\/\/fortempack.hu\/#\/schema\/logo\/image\/"}}]}},"_links":{"self":[{"href":"http:\/\/fortempack.hu\/index.php?rest_route=\/wp\/v2\/pages\/216"}],"collection":[{"href":"http:\/\/fortempack.hu\/index.php?rest_route=\/wp\/v2\/pages"}],"about":[{"href":"http:\/\/fortempack.hu\/index.php?rest_route=\/wp\/v2\/types\/page"}],"author":[{"embeddable":true,"href":"http:\/\/fortempack.hu\/index.php?rest_route=\/wp\/v2\/users\/1"}],"replies":[{"embeddable":true,"href":"http:\/\/fortempack.hu\/index.php?rest_route=%2Fwp%2Fv2%2Fcomments&post=216"}],"version-history":[{"count":14,"href":"http:\/\/fortempack.hu\/index.php?rest_route=\/wp\/v2\/pages\/216\/revisions"}],"predecessor-version":[{"id":644,"href":"http:\/\/fortempack.hu\/index.php?rest_route=\/wp\/v2\/pages\/216\/revisions\/644"}],"wp:attachment":[{"href":"http:\/\/fortempack.hu\/index.php?rest_route=%2Fwp%2Fv2%2Fmedia&parent=216"}],"curies":[{"name":"wp","href":"https:\/\/api.w.org\/{rel}","templated":true}]}}